{"id":1609,"date":"2018-02-09T15:09:49","date_gmt":"2018-02-09T14:09:49","guid":{"rendered":"http:\/\/safundacio.es\/?page_id=1609"},"modified":"2021-02-24T11:50:34","modified_gmt":"2021-02-24T10:50:34","slug":"fer-un-donatiu","status":"publish","type":"page","link":"https:\/\/safundacio.es\/es\/col-labora\/fer-un-donatiu\/","title":{"rendered":"Fer un donatiu"},"content":{"rendered":"<p>[vc_row][vc_column offset=&#8221;vc_col-lg-offset-3 vc_col-lg-6 vc_col-md-offset-2 vc_col-md-8 vc_col-sm-offset-1&#8243;][vc_column_text]<\/p>\n<h1>\u00bfVols contribuir amb Sa Fundaci\u00f3 fent un donatiu?<\/h1>\n<hr \/>\n<p>[\/vc_column_text][vc_row_inner][vc_column_inner css=&#8221;.vc_custom_1519036093257{margin-top: 55px !important;}&#8221;][vc_column_text css=&#8221;.vc_custom_1519036125922{margin-bottom: 30px !important;}&#8221;]<\/p>\n<p class=\"s3\">Sa teva donaci\u00f3 tamb\u00e9 mos ajudar\u00e0 a preservar es mallorqu\u00ed, es menorqu\u00ed i s\u2019eivissenc.<\/p>\n<p>[\/vc_column_text][vc_column_text]<div role=\"form\" class=\"wpcf7\" id=\"wpcf7-f2943-o1\" lang=\"ca\" dir=\"ltr\">\n<div class=\"screen-reader-response\"><\/div>\n<form action=\"\/es\/wp-json\/wp\/v2\/pages\/1609#wpcf7-f2943-o1\" method=\"post\" class=\"wpcf7-form\" novalidate=\"novalidate\">\n<div style=\"display: none;\">\n<input type=\"hidden\" name=\"_wpcf7\" value=\"2943\" \/>\n<input type=\"hidden\" name=\"_wpcf7_version\" value=\"5.1.4\" \/>\n<input type=\"hidden\" name=\"_wpcf7_locale\" value=\"ca\" \/>\n<input type=\"hidden\" name=\"_wpcf7_unit_tag\" value=\"wpcf7-f2943-o1\" \/>\n<input type=\"hidden\" name=\"_wpcf7_container_post\" value=\"0\" \/>\n<input type=\"hidden\" name=\"g-recaptcha-response\" value=\"\" \/>\n<\/div>\n<p><label> Es teu nom i llinatges (obligatori)<br \/>\n    <span class=\"wpcf7-form-control-wrap your-name\"><input type=\"text\" name=\"your-name\" value=\"\" size=\"40\" class=\"wpcf7-form-control wpcf7-text wpcf7-validates-as-required\" aria-required=\"true\" aria-invalid=\"false\" \/><\/span> <\/label><\/p>\n<p><label> Es teu correu electr\u00f2nic (obligatori)<br \/>\n    <span class=\"wpcf7-form-control-wrap your-email\"><input type=\"email\" name=\"your-email\" value=\"\" size=\"40\" class=\"wpcf7-form-control wpcf7-text wpcf7-email wpcf7-validates-as-required wpcf7-validates-as-email\" aria-required=\"true\" aria-invalid=\"false\" \/><\/span> <\/label><\/p>\n<p><label> NIF<br \/>\n<span class=\"wpcf7-form-control-wrap text-56\"><input type=\"text\" name=\"text-56\" value=\"\" size=\"40\" class=\"wpcf7-form-control wpcf7-text\" id=\"nif\" aria-invalid=\"false\" \/><\/span> <\/label><\/p>\n<p><label> Tel\u00e8fon<br \/>\n <span class=\"wpcf7-form-control-wrap tel-836\"><input type=\"tel\" name=\"tel-836\" value=\"\" size=\"40\" class=\"wpcf7-form-control wpcf7-text wpcf7-tel wpcf7-validates-as-tel\" id=\"telef\" aria-invalid=\"false\" \/><\/span> <\/label><\/p>\n<p><label> Direcci\u00f3<br \/>\n <span class=\"wpcf7-form-control-wrap text-439\"><input type=\"text\" name=\"text-439\" value=\"\" size=\"40\" class=\"wpcf7-form-control wpcf7-text wpcf7-validates-as-required\" id=\"direccio\" aria-required=\"true\" aria-invalid=\"false\" \/><\/span> <\/label><\/p>\n<p><label> C.P.<br \/>\n <span class=\"wpcf7-form-control-wrap number-869\"><input type=\"number\" name=\"number-869\" value=\"\" class=\"wpcf7-form-control wpcf7-number wpcf7-validates-as-number\" id=\"postal\" aria-invalid=\"false\" \/><\/span><\/label><\/p>\n<p>Vull col-laborar amb Sa Fundaci\u00f3 amb sa quantitat de (Euros):<br \/>\n<span class=\"wpcf7-form-control-wrap number-837\"><input type=\"number\" name=\"number-837\" value=\"10\" class=\"wpcf7-form-control wpcf7-number wpcf7-validates-as-number\" id=\"euros\" aria-invalid=\"false\" \/><\/span><br \/>\n<span class=\"wpcf7-form-control-wrap radio-34\"><span class=\"wpcf7-form-control wpcf7-radio\" id=\"periodicitat\"><span class=\"wpcf7-list-item first\"><input type=\"radio\" name=\"radio-34\" value=\"Mensualment\" checked=\"checked\" \/><span class=\"wpcf7-list-item-label\">Mensualment<\/span><\/span><span class=\"wpcf7-list-item\"><input type=\"radio\" name=\"radio-34\" value=\"Trimestralment\" \/><span class=\"wpcf7-list-item-label\">Trimestralment<\/span><\/span><span class=\"wpcf7-list-item\"><input type=\"radio\" name=\"radio-34\" value=\"Anualment\" \/><span class=\"wpcf7-list-item-label\">Anualment<\/span><\/span><span class=\"wpcf7-list-item last\"><input type=\"radio\" name=\"radio-34\" value=\"Aportaci\u00f3 \u00fanica\" \/><span class=\"wpcf7-list-item-label\">Aportaci\u00f3 \u00fanica<\/span><\/span><\/span><\/span><\/p>\n<p><label> Compte IBAN<br \/>\n<span class=\"wpcf7-form-control-wrap text-841\"><input type=\"text\" name=\"text-841\" value=\"\" size=\"40\" class=\"wpcf7-form-control wpcf7-text\" aria-invalid=\"false\" \/><\/span><\/p>\n<p><label><span class=\"wpcf7-form-control-wrap aceptar-condiciones\"><span class=\"wpcf7-form-control wpcf7-acceptance\"><span class=\"wpcf7-list-item\"><input type=\"checkbox\" name=\"aceptar-condiciones\" value=\"1\" aria-invalid=\"false\" \/><\/span><\/span><\/span> Accept expresament ses <a target=\"_blank\" href=\"http:\/\/safundacio.es\/avis-legal\/#1527664030472-1ef02bc5-38e3\">condicions de privacitat<\/a><\/p>\n<p><input type=\"submit\" value=\"Enviar\" class=\"wpcf7-form-control wpcf7-submit\" \/><\/p>\n<br \/>\n<input type='hidden' class='wpcf7-pum' value='{\"closepopup\":false,\"closedelay\":0,\"openpopup\":false,\"openpopup_id\":0}' \/><div class=\"wpcf7-response-output wpcf7-display-none\"><\/div><\/form><\/div>\n<p>&nbsp;<\/p>\n<p><img loading=\"lazy\" decoding=\"async\" class=\"aligncenter size-full wp-image-3534\" src=\"http:\/\/safundacio.es\/wp-content\/uploads\/2018\/04\/tabla.png\" alt=\"\" width=\"671\" height=\"726\" srcset=\"https:\/\/safundacio.es\/wp-content\/uploads\/2018\/04\/tabla.png 671w, https:\/\/safundacio.es\/wp-content\/uploads\/2018\/04\/tabla-277x300.png 277w, https:\/\/safundacio.es\/wp-content\/uploads\/2018\/04\/tabla-22x24.png 22w, https:\/\/safundacio.es\/wp-content\/uploads\/2018\/04\/tabla-33x36.png 33w, https:\/\/safundacio.es\/wp-content\/uploads\/2018\/04\/tabla-44x48.png 44w\" sizes=\"(max-width: 671px) 100vw, 671px\" \/><\/p>\n<p>Sa Fundaci\u00f3 \u00e9s una entitat sense \u00e0nim de lucre declarada d\u2019Utilitat P\u00fablica. Per aix\u00f2, es 150\u20ac primers que donis te desgravaran fins a un 75%.<br class=\"\" \/><br class=\"\" \/>Fer-te soci, per exemple, amb una m\u00f2dica aportaci\u00f3 de 10\u20ac mensuals realment nom\u00e9s et costar\u00e0 3\u20ac an es mes!<br class=\"\" \/><br class=\"\" \/>Adem\u00e9s, si et fas soci, te regalam ses novedats editorials de Sa Fundaci\u00f3.<br class=\"\" \/><br class=\"\" \/>Aprofita aquesta avantatge fiscal i apunta\u2019t a Sa Fundaci\u00f3. Es teu petit granet d\u2019arena, sumat an es de molta gent, se transforma en una muntanya per sa nostra cultura balear.<\/p>\n<p>&nbsp;<\/p>\n<p>Pots fer una aportaci\u00f3 a:<\/p>\n<ul>\n<li><em>Comptes corrents<\/em>\u00a0<em>(Titular: Fundaci\u00f3 Jaume III de ses Illes Balears)<br \/>\n<\/em><\/li>\n<\/ul>\n<p>BBVA:<strong>\u00a0ES13 0182 4899 1702 0151 9501<\/strong><\/p>\n<p>BANKIA: <strong>ES71 2038 9981 9360 0085 8981<\/strong><\/p>\n<p>&nbsp;<\/p>\n<ul>\n<li>Compte Online mitjan\u00e7ant PAYPAL &#8211; Targetes:<\/li>\n<\/ul>\n<form action=\"https:\/\/www.paypal.com\/cgi-bin\/webscr\" method=\"post\" target=\"_top\"><input name=\"cmd\" type=\"hidden\" value=\"_s-xclick\" \/><br \/>\n<input name=\"hosted_button_id\" type=\"hidden\" value=\"3H3KSU2WDXK2U\" \/><br \/>\n<input alt=\"PayPal, la forma r\u00e1pida y segura de pagar en Internet.\" name=\"submit\" src=\"https:\/\/www.paypalobjects.com\/es_ES\/ES\/i\/btn\/btn_donateCC_LG.gif\" type=\"image\" \/><br \/>\n<img loading=\"lazy\" decoding=\"async\" src=\"https:\/\/www.paypalobjects.com\/es_ES\/i\/scr\/pixel.gif\" alt=\"\" width=\"1\" height=\"1\" border=\"0\" \/><\/form>\n<p>&nbsp;<\/p>\n<ul>\n<li>Tamb\u00e9 pots <strong><span style=\"color: #683817;\"><a style=\"color: #683817;\" href=\"http:\/\/safundacio.es\/wp-content\/uploads\/2018\/06\/formulario-socios.pdf\">descarregar<\/a><\/span><\/strong> es document i enviar-mos-lo umplit a (socis@safundacio.es).<\/li>\n<\/ul>\n<p>[\/vc_column_text][\/vc_column_inner][\/vc_row_inner][\/vc_column][\/vc_row]<\/p>\n","protected":false},"excerpt":{"rendered":"<p>[vc_row][vc_column offset=&#8221;vc_col-lg-offset-3 vc_col-lg-6 vc_col-md-offset-2 vc_col-md-8 vc_col-sm-offset-1&#8243;][vc_column_text] \u00bfVols contribuir amb Sa Fundaci\u00f3 fent un donatiu? [\/vc_column_text][vc_row_inner][vc_column_inner css=&#8221;.vc_custom_1519036093257{margin-top: 55px !important;}&#8221;][vc_column_text css=&#8221;.vc_custom_1519036125922{margin-bottom: 30px !important;}&#8221;] Sa teva donaci\u00f3 tamb\u00e9 mos ajudar\u00e0 a preservar es mallorqu\u00ed, es menorqu\u00ed i s\u2019eivissenc. [\/vc_column_text][vc_column_text] &nbsp; Sa Fundaci\u00f3 \u00e9s una entitat sense \u00e0nim de lucre declarada d\u2019Utilitat P\u00fablica. Per aix\u00f2, es 150\u20ac primers que &hellip; <\/p>\n<p class=\"link-more\"><a href=\"https:\/\/safundacio.es\/es\/col-labora\/fer-un-donatiu\/\" class=\"more-link\">Continue reading<span class=\"screen-reader-text\"> &#8220;Fer un donatiu&#8221;<\/span><\/a><\/p>\n","protected":false},"author":1,"featured_media":3425,"parent":48,"menu_order":0,"comment_status":"closed","ping_status":"closed","template":"","meta":{"footnotes":""},"class_list":["post-1609","page","type-page","status-publish","has-post-thumbnail","hentry"],"_links":{"self":[{"href":"https:\/\/safundacio.es\/es\/wp-json\/wp\/v2\/pages\/1609"}],"collection":[{"href":"https:\/\/safundacio.es\/es\/wp-json\/wp\/v2\/pages"}],"about":[{"href":"https:\/\/safundacio.es\/es\/wp-json\/wp\/v2\/types\/page"}],"author":[{"embeddable":true,"href":"https:\/\/safundacio.es\/es\/wp-json\/wp\/v2\/users\/1"}],"replies":[{"embeddable":true,"href":"https:\/\/safundacio.es\/es\/wp-json\/wp\/v2\/comments?post=1609"}],"version-history":[{"count":3,"href":"https:\/\/safundacio.es\/es\/wp-json\/wp\/v2\/pages\/1609\/revisions"}],"predecessor-version":[{"id":4345,"href":"https:\/\/safundacio.es\/es\/wp-json\/wp\/v2\/pages\/1609\/revisions\/4345"}],"up":[{"embeddable":true,"href":"https:\/\/safundacio.es\/es\/wp-json\/wp\/v2\/pages\/48"}],"wp:featuredmedia":[{"embeddable":true,"href":"https:\/\/safundacio.es\/es\/wp-json\/wp\/v2\/media\/3425"}],"wp:attachment":[{"href":"https:\/\/safundacio.es\/es\/wp-json\/wp\/v2\/media?parent=1609"}],"curies":[{"name":"wp","href":"https:\/\/api.w.org\/{rel}","templated":true}]}}